{"id":187,"date":"2025-02-23T08:38:19","date_gmt":"2025-02-23T07:38:19","guid":{"rendered":"https:\/\/www.ucf42.com\/vega\/?page_id=187"},"modified":"2025-02-24T10:56:27","modified_gmt":"2025-02-24T09:56:27","slug":"histoire-du-club","status":"publish","type":"page","link":"https:\/\/www.ucf42.com\/vega\/histoire-du-club\/","title":{"rendered":"Histoire du club"},"content":{"rendered":"\n<p>Le club UCF42 (Union Cycliste Forez 42) est un club qui a plus de 60 ans d\u2019histoire.<\/p>\n\n\n\n<p>3 ao\u00fbt 1952&nbsp;: cr\u00e9ation d\u2019un club cycliste sur Balbigny : Club Cycliste de Balbigny avec une premi\u00e8re d\u00e9claration officielle en pr\u00e9fecture en 1953.<\/p>\n\n\n\n<ul class=\"wp-block-list\">\n<li>Premier pr\u00e9sident&nbsp;: JB. PONCE.<\/li>\n\n\n\n<li>Les couleurs du club de cette \u00e9poque \u00e9taient Violine et Rouge.<\/li>\n<\/ul>\n\n\n\n<p>D\u00e9cembre 1965&nbsp;: d\u00e9c\u00e8s du pr\u00e9sident PONCE.<\/p>\n\n\n\n<p>5 f\u00e9vrier 1966&nbsp;: Assembl\u00e9e G\u00e9n\u00e9rale extraordinaire pour former un nouveau bureau&nbsp;:<\/p>\n\n\n\n<ul class=\"wp-block-list\">\n<li>Pr\u00e9sident&nbsp;: C. TISSOT \u2013 Vice-Pr\u00e9sident R. GALICHET \u2013 Tr\u00e9sorier G. VERICEL<\/li>\n\n\n\n<li>Secr\u00e9taire&nbsp;: un certain\u2026 Andr\u00e9 MICHALET<\/li>\n<\/ul>\n\n\n\n<p>Ao\u00fbt 1979&nbsp;: d\u00e9c\u00e8s du pr\u00e9sident TISSOT<\/p>\n\n\n\n<p>8 septembre 1979&nbsp;: Assembl\u00e9e G\u00e9n\u00e9rale extraordinaire pour former un nouveau bureau&nbsp;:<\/p>\n\n\n\n<ul class=\"wp-block-list\">\n<li>Pr\u00e9sident&nbsp;: Andr\u00e9 MICHALET \u2013 Vice-Pr\u00e9sident R. GALICHET \u2013 Tr\u00e9sorier A. FRANCE<\/li>\n\n\n\n<li>Secr\u00e9taire VERICEL<\/li>\n<\/ul>\n\n\n\n<p>1982&nbsp;: \u00e0 la demande de l\u2019Etoile Sportive de Montrond les Bains repr\u00e9sent\u00e9e par son pr\u00e9sident Mr DEMEURE, proposition de fusion avec le CC Balbigny.<\/p>\n\n\n\n<p>24 octobre 1982&nbsp;:<\/p>\n\n\n\n<ul class=\"wp-block-list\">\n<li>L\u2019assembl\u00e9e G\u00e9n\u00e9rale extraordinaire approuve la fusion et la cr\u00e9ation du nouveau club<\/li>\n\n\n\n<li>Le nouveau nom du club sera CCBM (Club Cycliste Balbigny Montrond)<\/li>\n\n\n\n<li>Nouveau bureau&nbsp;: Pr\u00e9sident Andr\u00e9 MICHALET \u2013 Vice-pr\u00e9sidents R. GALICHET et F. DEMEURE<\/li>\n<\/ul>\n\n\n\n<p>1988&nbsp;: nouvelles couleurs pour le CCBM<\/p>\n\n\n\n<ul class=\"wp-block-list\">\n<li>Blanc, jaune et rouge<\/li>\n\n\n\n<li>Cr\u00e9ation d\u2019une \u00e9cole de cyclisme<\/li>\n<\/ul>\n\n\n\n<p>1989&nbsp;: La ville de Veauche n\u2019ayant pas de club cycliste alors que de nombreux jeunes participent \u00e0 l\u2019\u00e9cole de cyclisme du CCBM&nbsp; et que plusieurs dirigeants du club sont veauchois&nbsp;:<\/p>\n\n\n\n<ul class=\"wp-block-list\">\n<li>Proposition de la ville de Veauche de faire partie du club en apportant une subvention et en ayant le sigle de la ville sur le maillot.<\/li>\n<\/ul>\n\n\n\n<p>27 Novembre 1989&nbsp;: Assembl\u00e9e G\u00e9n\u00e9rale Extraordinaire validant la cr\u00e9ation du nouveau club<\/p>\n\n\n\n<ul class=\"wp-block-list\">\n<li>CCBMV (Club Cycliste Balbigny Montrond Veauche)<\/li>\n<\/ul>\n\n\n\n<p>1994&nbsp;: C. CIGOLOTTI devient tr\u00e9sorier du club<\/p>\n\n\n\n<p>1995&nbsp;: Adh\u00e9sion de la ville d\u2019Andr\u00e9zieux-Bouth\u00e9on avec attribution d\u2019une subvention et proposition de transfert du si\u00e8ge dans cette ville<\/p>\n\n\n\n<ul class=\"wp-block-list\">\n<li>Il semble difficile de rajouter une lettre suppl\u00e9mentaire au sigle du club\u2026<\/li>\n\n\n\n<li>Proposition de trouver un nouveau nom pour le club<\/li>\n<\/ul>\n\n\n\n<p>10 novembre 1996&nbsp;: Assembl\u00e9e G\u00e9n\u00e9rale extraordinaire au si\u00e8ge du club \u00e0 Balbigny suite \u00e0 l\u2019adh\u00e9sion d\u2019Andr\u00e9zieux<\/p>\n\n\n\n<ul class=\"wp-block-list\">\n<li>Sur les diff\u00e9rentes propositions, c\u2019est finalement le nom de&nbsp;<strong><em>Union Cycliste Forez 42<\/em><\/strong>&nbsp;(UCF42) qui est vot\u00e9<\/li>\n\n\n\n<li>Ce nom repr\u00e9sente l\u2019Union des Villes du Forez et de la Loire<\/li>\n\n\n\n<li>Les dirigeants de Balbigny votent contre et d\u00e9cident de quitter le club, ils vont ainsi cr\u00e9er le V\u00e9lo Club Feurs Balbigny (VCFB) bien connu maintenant dans la r\u00e9gion\u2026<\/li>\n\n\n\n<li>Nouvelle AG avec \u00e9lection d\u2019un nouveau bureau&nbsp;: Pr\u00e9sident C. CIGOLOTTI<\/li>\n<\/ul>\n\n\n\n<p>1998&nbsp;: d\u00e9mission du pr\u00e9sident CIGOLOTTI<\/p>\n\n\n\n<p>23 Novembre 1998&nbsp;: AG extraordinaire avec \u00e9lection d\u2019un nouveau bureau avec 2 co-pr\u00e9sidents&nbsp;:<\/p>\n\n\n\n<ul class=\"wp-block-list\">\n<li>Andr\u00e9 MICHALET et X. BONNEFOY<\/li>\n<\/ul>\n\n\n\n<p>2000&nbsp;: Jacques DUMORTIER devient pr\u00e9sident de l\u2019UCF42<\/p>\n\n\n\n<p>2004 \u00e0 2008&nbsp;: Marius LAGARDE est pr\u00e9sident de l\u2019UCF42<\/p>\n\n\n\n<p>2008 \u00e0 2012&nbsp;: Eric MARCHAND est \u00e0 son tour pr\u00e9sident de l\u2019UCF42<\/p>\n\n\n\n<ul class=\"wp-block-list\">\n<li>Nouvelles couleurs en 2009&nbsp;: Noir et rouge<\/li>\n<\/ul>\n\n\n\n<p>En 2009, s\u00e9paration avec la ville d\u2019Andr\u00e9zieux-Bouth\u00e9on puis rapprochement avec la ville de St Romain le Puy avec transfert du si\u00e8ge dans cette ville.<\/p>\n\n\n\n<p>Eric MARCHAND souhaite arr\u00eater la pr\u00e9sidence fin 2012, aucun candidat \u00e0 la reprise du club.<\/p>\n\n\n\n<p>2013, Edmond RABANY accepte d\u2019assurer l\u2019int\u00e9rim pour sauver le club\u2026<\/p>\n\n\n\n<ul class=\"wp-block-list\">\n<li>Grave crise avec une transition difficile malgr\u00e9 les bonnes volont\u00e9s<\/li>\n\n\n\n<li>Le club perd la moiti\u00e9 de ses adh\u00e9rents pour tomber \u00e0 un tout petit peu plus de 30.<\/li>\n<\/ul>\n\n\n\n<p>Pouss\u00e9 par les membres historiques du club, Claude GERBAUD accepte de prendre la pr\u00e9sidence de l\u2019UCF42<\/p>\n\n\n\n<p>16 novembre 2013&nbsp;: Assembl\u00e9e G\u00e9n\u00e9rale Extraordinaire avec \u00e9lection d\u2019un nouveau bureau<\/p>\n\n\n\n<ul class=\"wp-block-list\">\n<li>Pr\u00e9sident&nbsp;: Claude GERBAUD<\/li>\n\n\n\n<li>Vice-Pr\u00e9sident&nbsp;: Eric MARCHAND<\/li>\n\n\n\n<li>Secr\u00e9taire&nbsp;: Herv\u00e9 NICOLAS<\/li>\n\n\n\n<li>Tr\u00e9sorier Pierre FULCHIRON<\/li>\n<\/ul>\n\n\n\n<p>Une nouvelle \u00e9quipe solide organis\u00e9e autour d\u2019un Conseil d\u2019Administration de 15 personnes, de nouveaux statuts, de nouveaux sponsors, de nouvelles couleurs (blanc, rouge et noir) vont r\u00e9ussir \u00e0 attirer de nouveaux coureurs, le club rena\u00eet de ses cendres\u2026<\/p>\n\n\n\n<p>Depuis 2013, nouvelle organisation tr\u00e8s centr\u00e9e sur Montrond les Bains qui est la commune partenaire la plus importante, le si\u00e8ge restant pour l\u2019instant sur St Romain le Puy.<\/p>\n\n\n\n<p>Les 4 communes partenaires du club sont donc Montrond les Bains, Veauche, St Romain le Puy et Veauchette depuis 2015.<\/p>\n\n\n\n<p>2014&nbsp;: d\u00e9mission d\u2019\u00c9ric MARCHAND, \u00e9lection d\u2019un nouveau bureau&nbsp;:<\/p>\n\n\n\n<ul class=\"wp-block-list\">\n<li>Pr\u00e9sident&nbsp;: Claude GERBAUD<\/li>\n\n\n\n<li>Vice-Pr\u00e9sidents&nbsp;: R\u00e9gis FLECHET et Fr\u00e9d\u00e9ric LEON<\/li>\n\n\n\n<li>Secr\u00e9taire&nbsp;: Herv\u00e9 NICOLAS<\/li>\n\n\n\n<li>Tr\u00e9sorier&nbsp;: C\u00e9dric DAUBINET<\/li>\n<\/ul>\n\n\n\n<p>Depuis 2013, le club progresse chaque ann\u00e9e pour &nbsp;atteindre environ 75 membres en 2017 et 2018.<\/p>\n\n\n\n<p>La force du club est d\u2019associer des coureurs \u00ab&nbsp;Elites&nbsp;\u00bb de haut niveau de la f\u00e9d\u00e9ration officielle FFC (F\u00e9d\u00e9ration Fran\u00e7aise de Cyclisme) et des coureurs r\u00e9gionaux et d\u00e9partementaux de la f\u00e9d\u00e9ration FSGT (F\u00e9d\u00e9ration Sportive et Gymnique du Travail).<\/p>\n\n\n\n<p>Le club travaille \u00e9galement avec St Etienne Handisport et a parmi ses membres le tandem non voyant 7 fois champions de France Yves BAYON et Pierre FULCHIRON.<\/p>\n\n\n\n<p>Depuis 2017, le club a 2 tandems handisport :<\/p>\n\n\n\n<ul class=\"wp-block-list\">\n<li>Laurent HUYGHE et Pierre FULCHIRON, vainqueurs de la coupe de France v\u00e9t\u00e9ran et vice-champions de France en 2017 et 2018<\/li>\n\n\n\n<li>Yves BAYON et Eric MARCHAND, 3\u00e8mes du championnat de France 2018 et vainqueurs de la cyclo sportive \u201cLes Copains\u201d \u00e0 Ambert<\/li>\n<\/ul>\n\n\n\n<p>Le club a plus que doubl\u00e9 ses organisations depuis 2013 et assure maintenant l\u2019organisation de 12 \u00e9preuves par an&nbsp;:<\/p>\n\n\n\n<ul class=\"wp-block-list\">\n<li>1 course nationale handisport sur 2 jours (v\u00e9lo + hand-bikes) \u00e0 Veauchette&nbsp;: \u00e9preuve en ligne le samedi et contre la montre le dimanche.<\/li>\n\n\n\n<li>2&nbsp;Grands prix FFC (2, 3 et juniors) sur Veauche et Montrond les Bains<\/li>\n\n\n\n<li>Depuis 2018, 1 \u00e9preuve FFC d\u00e9di\u00e9e aux f\u00e9minines en ouverture du crit\u00e9rium de Montrond les Bains<\/li>\n\n\n\n<li>1 \u00e9preuve de 2 courses FSGT sur Montrond les Bains<\/li>\n\n\n\n<li>1 Endurance VTT sur Montrond les Bains (dans le parc du ch\u00e2teau)<\/li>\n\n\n\n<li>1 cyclo-cross sur Montrond les Bains<\/li>\n\n\n\n<li>Depuis 2016&nbsp;: 1 championnat d\u00e9partemental de Contre la Montre individuel FSGT \u00e0 Veauchette.<\/li>\n<\/ul>\n\n\n\n<p><strong><em>Organisation du club&nbsp;:<\/em><\/strong><\/p>\n\n\n\n<p>Depuis fin 2013, l\u2019UCF42 est organis\u00e9e avec un Conseil d\u2019Administration de 15 membres \u00e9lus et renouvel\u00e9 au 1\/3 chaque ann\u00e9e lors de l\u2019Assembl\u00e9e G\u00e9n\u00e9rale ordinaire.<\/p>\n\n\n\n<p>Les 15 membres du club \u00e9lisent ensuite le bureau compos\u00e9 de&nbsp;:<\/p>\n\n\n\n<ul class=\"wp-block-list\">\n<li>1 Pr\u00e9sident<\/li>\n\n\n\n<li>2 vice-Pr\u00e9sidents<\/li>\n\n\n\n<li>1 secr\u00e9taire<\/li>\n\n\n\n<li>1 Tr\u00e9sorier<\/li>\n<\/ul>\n\n\n\n<p>Il y a \u00e9galement un tr\u00e9sorier adjoint, 1 secr\u00e9taire adjoint, 1 responsable de la section VTT (depuis 2015), 1 correspondant pour chaque ville partenaire, 1 gestionnaire des relations avec la presse et 1 responsable de l\u2019administration et de la mise \u00e0 jour du site internet et Facebook.<\/p>\n\n\n\n<p>Le Conseil d\u2019Administration se r\u00e9unit tous les mois, prend les d\u00e9cisions n\u00e9cessaires \u00e0 la bonne vie du club (tr\u00e9sorerie, partie sportive, recrutements, encadrement, formation, r\u00e8glement, organisations, etc\u2026).<\/p>\n\n\n\n<p>Un r\u00e8glement int\u00e9rieur est en place depuis fin 2013 ainsi qu\u2019un syst\u00e8me de points permettant de r\u00e9compenser (si les finances le permettent \u00e0 la fin de chaque exercice) les membres les plus m\u00e9ritants (participation aux courses, au montage\/d\u00e9montage lors des organisations du club, mission de \u00ab&nbsp;signaleur&nbsp;\u00bb sur les organisations du club ou sur des organisations du comit\u00e9 ou en entraide avec d\u2019autres clubs, etc\u2026).<\/p>\n\n\n\n<p>Ce syst\u00e8me de points permet de fid\u00e9liser les membres du club et d\u2019attirer de nouveaux talents (les plus investis ont ainsi leur tenue pay\u00e9e quasi int\u00e9gralement voire une partie de la licence\u2026).<\/p>\n\n\n\n<p>Le club participe \u00e0 nouveau depuis 2014, \u00e0 toutes les r\u00e9unions des f\u00e9d\u00e9rations FFC, FSGT et Handisport et le s\u00e9rieux de ses organisations commence \u00e0 faire r\u00e9f\u00e9rence dans le d\u00e9partement.<\/p>\n\n\n\n<p>Le club a \u00e9galement pour nouvelle ambition d\u2019attirer les jeunes (pour l\u2019instant au niveau des juniors mais avec un jour une cible de cr\u00e9er une \u00e9cole de cyclisme pour les plus jeunes), de les former et de les accompagner vers des grands clubs Elites type ECSEL St Etienne ou CR4C Roanne.<\/p>\n\n\n\n<p>En 2014, le club a remport\u00e9 21 victoires (FFC, FSGT, Handisport) et 26 podiums dont le championnat de France et la coupe de France Handisport, le titre de champion r\u00e9gional espoir route FSGT et celui de vice-champion de France espoir route en FSGT ainsi qu\u2019une place de 12<sup>\u00e8me<\/sup>&nbsp;au championnat de France Master FFC\u2026<\/p>\n\n\n\n<p>En 2015, 37 victoires et 42 podiums dont la coupe de France Handisport, le championnat d\u00e9partemental de cyclo-cross, le titre de vice-champion r\u00e9gional de cyclo-cross, le titre de champion de la Loire FF3, le titre de vice-champion r\u00e9gional junior FSGT<\/p>\n\n\n\n<p>En 2016, 35 victoires et 47 podiums dont la coupe de France Handisport, le championnat d\u00e9partemental de cyclo-cross, le titre de vice-champion r\u00e9gional de cyclo-cross FSGT, le titre de vice-champion de France Handisport de course en ligne et une 3<sup>\u00e8me<\/sup>&nbsp;place au championnat de France Handisport de contre la montre (malgr\u00e9 une crevaison). Enfin une premi\u00e8re place au Grand Prix de la Montage du Grand Prix international FFC de St Etienne et une 3<sup>\u00e8me<\/sup>&nbsp;place (meilleur grimpeur) sur 1\u00e8re premi\u00e8re \u00e9tape du tour du Cameroun (course UCI).<\/p>\n\n\n\n<p>En 2017, pas moins de 65 victoires dont la coupe de France Handisport v\u00e9t\u00e9ran, le titre de vice-champion de France cyclo-cross individuel FSGT, le titre de champion de France de cyclo-cross par \u00e9quipes FSGT avec le comit\u00e9 de la Loire, le titre de champion d\u00e9partemental FFC 2 et vice champion r\u00e9gional Auvergne Rh\u00f4ne Alpes FFC 2, le titre de champion d\u00e9partemental et r\u00e9gional FSGT masculin Rh\u00f4ne Alpes, le titre de championne r\u00e9gional espoir f\u00e9minine Rh\u00f4ne Alpes FSGT, le titre de championne de la Loire de contre la montre FSGT,\u2026 ann\u00e9e record difficilement \u00e9galable\u2026<\/p>\n\n\n\n<p>En 2018, 59 victoires et 63 podiums dont la coupe de France Handisport et le tire de vice-champions de France Handisport v\u00e9t\u00e9rans, les titres de champion de la Loire cyclo-cross et route FSGT, le titre de champion r\u00e9gional FSGT (2017-2018), le titre de championne de la Loire de contre la montre individuel, 3\u00e8me place au championnat de France espoir f\u00e9minine FSGT, 4\u00e8me place au championnat de France de contre la montre FSGT par \u00e9quipe avec le comit\u00e9 de la Loire\u2026<\/p>\n\n\n\n<p>Encore une fois c\u2019est la force de ce club de savoir \u00ab&nbsp;m\u00e9langer les genres&nbsp;\u00bb.<\/p>\n\n\n\n<p>L\u2019esprit du club est \u00ab&nbsp;plaisir et solidarit\u00e9&nbsp;\u00bb, le slogan, maintenant bien connu du club est&nbsp;:<\/p>\n\n\n\n<p><strong><em>\u00ab&nbsp;on va y arriver&nbsp;!&nbsp;\u00bb<\/em><\/strong><\/p>\n\n\n\n<p>Aujourd\u2019hui, le bureau du club est compos\u00e9 de&nbsp;:<\/p>\n\n\n\n<ul class=\"wp-block-list\">\n<li>Pr\u00e9sident&nbsp;: Claude GERBAUD<\/li>\n\n\n\n<li>Vice-Pr\u00e9sidents&nbsp;: R\u00e9gis FLECHET &amp; Pierre FULCHIRON<\/li>\n\n\n\n<li>Secr\u00e9taire : Herv\u00e9 NICOLAS<\/li>\n\n\n\n<li>Tr\u00e9sorier&nbsp; : Gino Silvestrin<\/li>\n\n\n\n<li>Tr\u00e9sorier adjoint : Herv\u00e9 NICOLAS<\/li>\n\n\n\n<li>Correspondant Handisport&nbsp;: Pierre FULCHIRON<\/li>\n\n\n\n<li>Secr\u00e9taire adjoint : Bernard DAURAT<\/li>\n<\/ul>\n\n\n\n<hr class=\"wp-block-separator has-alpha-channel-opacity\"\/>\n\n\n\n<p class=\"has-white-color has-text-color has-link-color wp-elements-eb0cab2fab10e5afec7eabb51097bc5e\">ucf42.com, UCF, UCF42, Union Cycliste du Forez, cyclisme, Montrond les Bains, Veauche, Veauchette, Comp\u00e9tition, cyclisme sur route, cyclosport, handisport<\/p>\n","protected":false},"excerpt":{"rendered":"<p>Le club UCF42 (Union Cycliste Forez 42) est un club qui a plus de 60 ans d\u2019histoire. 3 ao\u00fbt 1952&nbsp;: cr\u00e9ation d\u2019un club cycliste sur Balbigny : Club Cycliste de Balbigny avec une premi\u00e8re d\u00e9claration officielle en pr\u00e9fecture en 1953. D\u00e9cembre 1965&nbsp;: d\u00e9c\u00e8s du pr\u00e9sident PONCE. 5 f\u00e9vrier 1966&nbsp;: Assembl\u00e9e G\u00e9n\u00e9rale extraordinaire pour former un [&hellip;]<\/p>\n","protected":false},"author":2,"featured_media":0,"parent":0,"menu_order":0,"comment_status":"closed","ping_status":"closed","template":"","meta":{"footnotes":""},"class_list":["post-187","page","type-page","status-publish","czr-hentry"],"_links":{"self":[{"href":"https:\/\/www.ucf42.com\/vega\/wp-json\/wp\/v2\/pages\/187","targetHints":{"allow":["GET"]}}],"collection":[{"href":"https:\/\/www.ucf42.com\/vega\/wp-json\/wp\/v2\/pages"}],"about":[{"href":"https:\/\/www.ucf42.com\/vega\/wp-json\/wp\/v2\/types\/page"}],"author":[{"embeddable":true,"href":"https:\/\/www.ucf42.com\/vega\/wp-json\/wp\/v2\/users\/2"}],"replies":[{"embeddable":true,"href":"https:\/\/www.ucf42.com\/vega\/wp-json\/wp\/v2\/comments?post=187"}],"version-history":[{"count":2,"href":"https:\/\/www.ucf42.com\/vega\/wp-json\/wp\/v2\/pages\/187\/revisions"}],"predecessor-version":[{"id":290,"href":"https:\/\/www.ucf42.com\/vega\/wp-json\/wp\/v2\/pages\/187\/revisions\/290"}],"wp:attachment":[{"href":"https:\/\/www.ucf42.com\/vega\/wp-json\/wp\/v2\/media?parent=187"}],"curies":[{"name":"wp","href":"https:\/\/api.w.org\/{rel}","templated":true}]}}